{"version":"1.0","provider_name":"photovoyage.fr","provider_url":"http:\/\/www.photovoyage.fr\/blog","author_name":"photovoyage","author_url":"http:\/\/www.photovoyage.fr\/blog\/author\/guillaume\/","title":"Couch\u00e9 de soleil sur le port des p\u00eacheurs - photovoyage.fr","type":"rich","width":600,"height":338,"html":"<blockquote class=\"wp-embedded-content\" data-secret=\"3M3hAMTsHr\"><a href=\"http:\/\/www.photovoyage.fr\/blog\/couche-de-soleil-port-pecheurs\/\">Couch\u00e9 de soleil sur le port des p\u00eacheurs<\/a><\/blockquote><iframe sandbox=\"allow-scripts\" security=\"restricted\" src=\"http:\/\/www.photovoyage.fr\/blog\/couche-de-soleil-port-pecheurs\/embed\/#?secret=3M3hAMTsHr\" width=\"600\" height=\"338\" title=\"\u00ab\u00a0Couch\u00e9 de soleil sur le port des p\u00eacheurs\u00a0\u00bb &#8212; photovoyage.fr\" data-secret=\"3M3hAMTsHr\" frameborder=\"0\" marginwidth=\"0\" marginheight=\"0\" scrolling=\"no\" class=\"wp-embedded-content\"><\/iframe><script type=\"text\/javascript\">\n\/* <![CDATA[ *\/\n\/*! This file is auto-generated *\/\n!function(d,l){\"use strict\";l.querySelector&&d.addEventListener&&\"undefined\"!=typeof URL&&(d.wp=d.wp||{},d.wp.receiveEmbedMessage||(d.wp.receiveEmbedMessage=function(e){var t=e.data;if((t||t.secret||t.message||t.value)&&!\/[^a-zA-Z0-9]\/.test(t.secret)){for(var s,r,n,a=l.querySelectorAll('iframe[data-secret=\"'+t.secret+'\"]'),o=l.querySelectorAll('blockquote[data-secret=\"'+t.secret+'\"]'),c=new RegExp(\"^https?:$\",\"i\"),i=0;i<o.length;i++)o[i].style.display=\"none\";for(i=0;i<a.length;i++)s=a[i],e.source===s.contentWindow&&(s.removeAttribute(\"style\"),\"height\"===t.message?(1e3<(r=parseInt(t.value,10))?r=1e3:~~r<200&&(r=200),s.height=r):\"link\"===t.message&&(r=new URL(s.getAttribute(\"src\")),n=new URL(t.value),c.test(n.protocol))&&n.host===r.host&&l.activeElement===s&&(d.top.location.href=t.value))}},d.addEventListener(\"message\",d.wp.receiveEmbedMessage,!1),l.addEventListener(\"DOMContentLoaded\",function(){for(var e,t,s=l.querySelectorAll(\"iframe.wp-embedded-content\"),r=0;r<s.length;r++)(t=(e=s[r]).getAttribute(\"data-secret\"))||(t=Math.random().toString(36).substring(2,12),e.src+=\"#?secret=\"+t,e.setAttribute(\"data-secret\",t)),e.contentWindow.postMessage({message:\"ready\",secret:t},\"*\")},!1)))}(window,document);\n\/* ]]> *\/\n<\/script>\n","thumbnail_url":"http:\/\/www.photovoyage.fr\/blog\/wp-content\/uploads\/2017\/01\/MG_3358-Copier.jpg","thumbnail_width":1600,"thumbnail_height":1067,"description":"Apr\u00e8s plusieurs semaines dans la grisaille et de temp\u00e9ratures n\u00e9gatives, enfin le retour du soleil&#8230;. Une s\u00e9rie de photos prises depuis le port des p\u00eacheurs \u00e0 Chens sur L\u00e9man. On voit encore les gla\u00e7ons accroch\u00e9s aux branches des arbres, t\u00e9moignage de la m\u00e9t\u00e9os de ces derniers temps..&nbsp; &nbsp; \u00a0\u00bb order_by=\u00a0\u00bbsortorder\u00a0\u00bb order_direction=\u00a0\u00bbASC\u00a0\u00bb returns=\u00a0\u00bbincluded\u00a0\u00bb maximum_entity_count=\u00a0\u00bb500&Prime;]"}