{"id":3543,"date":"2018-06-01T23:09:47","date_gmt":"2018-06-01T22:09:47","guid":{"rendered":"http:\/\/www.photovoyage.fr\/blog\/?page_id=3543"},"modified":"2023-10-22T13:27:57","modified_gmt":"2023-10-22T12:27:57","slug":"projet-silence-lacustre","status":"publish","type":"page","link":"http:\/\/www.photovoyage.fr\/blog\/projet-silence-lacustre\/","title":{"rendered":"Projet \u00ab\u00a0Silence Lacustre\u00a0\u00bb &#8211; making Off"},"content":{"rendered":"<div class=\"yzp-no-index\"><\/div><p>\u00ab\u00a0Silence Lacustre\u00a0\u00bb est un projet commenc\u00e9 en 2018. Le but de ce projet est de retranscrire le silence qui \u00e9mane du lac L\u00e9man, et plus particuli\u00e8rement de la partie sauvage entre Hermance et Messery.&nbsp;<\/p>\n<p>Une photographie c&rsquo;est le temps qui s\u2019arr\u00eate. Pourtant, les r\u00e9seaux sociaux et les nouvelles technologies nous abreuvent de photos en tout genre, t\u00e9moignage du moment pr\u00e9sent et de la fuite du temps&#8230;.<\/p>\n<p>Par opposition, chaque photo de ce projet invitera le spectateur a prendre son temps, \u00e0 s&rsquo;arr\u00eater, \u00e0 s&rsquo;immerger par la photographie et \u00e0 ressentir le silence qui en \u00e9mane. Ce projet c&rsquo;est un peu le m\u00e9lange des sens puisque je veux appr\u00e9hender un sentiment li\u00e9 \u00e0 l\u2019ou\u00efe gr\u00e2ce \u00e0 un autre sens, la&nbsp; vue.<\/p>\n<p>J&rsquo;esp\u00e8re vous transporter le temps d&rsquo;une s\u00e9rie de photos dans un univers silencieux o\u00f9 le temps s\u2019arr\u00eate. J&rsquo;aimerai vous pr\u00e9senter cette s\u00e9rie de photographies dans un livre, comme une invitation \u00e0 r\u00eaver. Parmi mes sources d&rsquo;inspiration, le travail de Joel Meyerowitz dans son projet Bay\/Sky. Un magnifique ouvrage de 40 photographies prises dans la baie de Cape Code.<\/p>\n<p>Voici une premi\u00e8re vision de mon \u00ab\u00a0Silence Lacustre\u00a0\u00bb en attendant de pouvoir un jour vous proposer un livre.<\/p>\n<p><a href=\"http:\/\/www.photovoyage.fr\/blog\/projet-silence-lacustre\/_mg_6725-copier\/\" rel=\"attachment wp-att-3546\"><img loading=\"lazy\" decoding=\"async\" class=\"alignleft size-full wp-image-3546\" src=\"http:\/\/www.photovoyage.fr\/blog\/wp-content\/uploads\/2018\/06\/MG_6725-Copier.jpg\" alt=\"\" width=\"800\" height=\"533\" srcset=\"http:\/\/www.photovoyage.fr\/blog\/wp-content\/uploads\/2018\/06\/MG_6725-Copier.jpg 800w, http:\/\/www.photovoyage.fr\/blog\/wp-content\/uploads\/2018\/06\/MG_6725-Copier-300x200.jpg 300w, http:\/\/www.photovoyage.fr\/blog\/wp-content\/uploads\/2018\/06\/MG_6725-Copier-768x512.jpg 768w, http:\/\/www.photovoyage.fr\/blog\/wp-content\/uploads\/2018\/06\/MG_6725-Copier-600x400.jpg 600w\" sizes=\"auto, (max-width: 800px) 100vw, 800px\" \/><\/a><\/p>\n\n\n<p><\/p>\n\n\n\n<figure class=\"wp-block-image size-large\"><img loading=\"lazy\" decoding=\"async\" width=\"1024\" height=\"683\" src=\"http:\/\/www.photovoyage.fr\/blog\/wp-content\/uploads\/2020\/06\/MG_2529-1024x683.jpg\" alt=\"\" class=\"wp-image-4352\" srcset=\"http:\/\/www.photovoyage.fr\/blog\/wp-content\/uploads\/2020\/06\/MG_2529-1024x683.jpg 1024w, http:\/\/www.photovoyage.fr\/blog\/wp-content\/uploads\/2020\/06\/MG_2529-300x200.jpg 300w, http:\/\/www.photovoyage.fr\/blog\/wp-content\/uploads\/2020\/06\/MG_2529-768x512.jpg 768w, http:\/\/www.photovoyage.fr\/blog\/wp-content\/uploads\/2020\/06\/MG_2529-1536x1024.jpg 1536w, http:\/\/www.photovoyage.fr\/blog\/wp-content\/uploads\/2020\/06\/MG_2529-2048x1365.jpg 2048w, http:\/\/www.photovoyage.fr\/blog\/wp-content\/uploads\/2020\/06\/MG_2529-1600x1067.jpg 1600w, http:\/\/www.photovoyage.fr\/blog\/wp-content\/uploads\/2020\/06\/MG_2529-780x520.jpg 780w\" sizes=\"auto, (max-width: 1024px) 100vw, 1024px\" \/><\/figure>\n\n\n\n<figure class=\"wp-block-image size-large\"><img loading=\"lazy\" decoding=\"async\" width=\"1000\" height=\"667\" src=\"http:\/\/www.photovoyage.fr\/blog\/wp-content\/uploads\/2020\/06\/MG_2523.jpg\" alt=\"\" class=\"wp-image-4355\" srcset=\"http:\/\/www.photovoyage.fr\/blog\/wp-content\/uploads\/2020\/06\/MG_2523.jpg 1000w, http:\/\/www.photovoyage.fr\/blog\/wp-content\/uploads\/2020\/06\/MG_2523-300x200.jpg 300w, http:\/\/www.photovoyage.fr\/blog\/wp-content\/uploads\/2020\/06\/MG_2523-768x512.jpg 768w, http:\/\/www.photovoyage.fr\/blog\/wp-content\/uploads\/2020\/06\/MG_2523-780x520.jpg 780w\" sizes=\"auto, (max-width: 1000px) 100vw, 1000px\" \/><\/figure>\n\n\n\n<figure class=\"wp-block-image size-large\"><img loading=\"lazy\" decoding=\"async\" width=\"1000\" height=\"667\" src=\"http:\/\/www.photovoyage.fr\/blog\/wp-content\/uploads\/2020\/06\/MG_1100.jpg\" alt=\"\" class=\"wp-image-4356\" srcset=\"http:\/\/www.photovoyage.fr\/blog\/wp-content\/uploads\/2020\/06\/MG_1100.jpg 1000w, http:\/\/www.photovoyage.fr\/blog\/wp-content\/uploads\/2020\/06\/MG_1100-300x200.jpg 300w, http:\/\/www.photovoyage.fr\/blog\/wp-content\/uploads\/2020\/06\/MG_1100-768x512.jpg 768w, http:\/\/www.photovoyage.fr\/blog\/wp-content\/uploads\/2020\/06\/MG_1100-780x520.jpg 780w\" sizes=\"auto, (max-width: 1000px) 100vw, 1000px\" \/><\/figure>\n\n\n\n<figure class=\"wp-block-image size-large\"><img loading=\"lazy\" decoding=\"async\" width=\"1000\" height=\"667\" src=\"http:\/\/www.photovoyage.fr\/blog\/wp-content\/uploads\/2020\/06\/MG_6682.jpg\" alt=\"\" class=\"wp-image-4357\" srcset=\"http:\/\/www.photovoyage.fr\/blog\/wp-content\/uploads\/2020\/06\/MG_6682.jpg 1000w, http:\/\/www.photovoyage.fr\/blog\/wp-content\/uploads\/2020\/06\/MG_6682-300x200.jpg 300w, http:\/\/www.photovoyage.fr\/blog\/wp-content\/uploads\/2020\/06\/MG_6682-768x512.jpg 768w, http:\/\/www.photovoyage.fr\/blog\/wp-content\/uploads\/2020\/06\/MG_6682-780x520.jpg 780w\" sizes=\"auto, (max-width: 1000px) 100vw, 1000px\" \/><\/figure>\n\n\n\n<figure class=\"wp-block-image size-large\"><img loading=\"lazy\" decoding=\"async\" width=\"1000\" height=\"667\" src=\"http:\/\/www.photovoyage.fr\/blog\/wp-content\/uploads\/2020\/06\/MG_6756.jpg\" alt=\"\" class=\"wp-image-4358\" srcset=\"http:\/\/www.photovoyage.fr\/blog\/wp-content\/uploads\/2020\/06\/MG_6756.jpg 1000w, http:\/\/www.photovoyage.fr\/blog\/wp-content\/uploads\/2020\/06\/MG_6756-300x200.jpg 300w, http:\/\/www.photovoyage.fr\/blog\/wp-content\/uploads\/2020\/06\/MG_6756-768x512.jpg 768w, http:\/\/www.photovoyage.fr\/blog\/wp-content\/uploads\/2020\/06\/MG_6756-780x520.jpg 780w\" sizes=\"auto, (max-width: 1000px) 100vw, 1000px\" \/><\/figure>\n\n\n\n<p><strong>Soleils couchants<\/strong><\/p>\n\n\n\n<p>Une aube affaiblie<br>Verse par les champs<br>La m\u00e9lancolie<br>Des soleils couchants.<br>La m\u00e9lancolie<br>Berce de doux chants<br>Mon coeur qui s\u2019oublie<br>Aux soleils couchants.<br>Et d\u2019\u00e9tranges r\u00eaves<br>Comme des soleils<br>Couchants sur les gr\u00e8ves,<br>Fant\u00f4mes vermeils,<br>D\u00e9filent sans tr\u00eaves,<br>D\u00e9filent, pareils<br>\u00c0 des grands soleils<br>Couchants sur les gr\u00e8ves.<\/p>\n\n\n\n<p><em><strong>Paul Verlaine (Po\u00e8mes saturniens)<\/strong><\/em><\/p>\n\n\n\n<p>Inspirations :<\/p>\n\n\n\n<p>Joel Meyerowitz : Bay \/ Sky, Cape light<\/p>\n\n\n\n<p>Mickael Kenna<\/p>\n\n\n\n<p><\/p>\n\n\n\n<p><strong>22.10.2023<\/strong><\/p>\n\n\n\n<p>Silence Lacustre sera un projet de 47 photographies. Pourquoi 47 ? Parce que c&rsquo;est le nombre que Joel Meyerovitz a choisi dans son ouvrage Bay\/Sky. Ce sera un bel hommage \u00e0 son travail. Apr\u00e8s 5 ans depuis le d\u00e9but du projet je pense avoir une dizaine de photos susceptibles de faire partie du projet final. Il va falloir acc\u00e9l\u00e9rer. <\/p>\n\n\n\n<p>Le projet va aussi \u00e9voluer puisqu&rsquo;une partie sera consacr\u00e9e au lac L\u00e9man et une autre au lac du Bourget qui sont les deux lacs de ma vie.<\/p>\n\n\n\n<p>La premi\u00e8re partie (2018 &#8211; 2025) pour le L\u00e9man et \u00e0 partir de 2025 la seconde sur le lac du Bourget.<\/p>\n","protected":false},"excerpt":{"rendered":"<p>\u00ab\u00a0Silence Lacustre\u00a0\u00bb est un projet commenc\u00e9 en 2018. Le but de ce projet est de retranscrire le silence qui \u00e9mane du lac L\u00e9man, et plus particuli\u00e8rement de la partie sauvage entre Hermance et Messery.&nbsp; Une photographie c&rsquo;est le temps qui s\u2019arr\u00eate. Pourtant, les r\u00e9seaux sociaux et les nouvelles technologies nous abreuvent de photos en tout &hellip;<\/p>\n","protected":false},"author":1,"featured_media":0,"parent":0,"menu_order":0,"comment_status":"closed","ping_status":"closed","template":"","meta":{"ngg_post_thumbnail":0,"footnotes":""},"class_list":["post-3543","page","type-page","status-publish","hentry","entry entry-center"],"yoast_head":"<!-- This site is optimized with the Yoast SEO plugin v24.1 - https:\/\/yoast.com\/wordpress\/plugins\/seo\/ -->\n<title>Projet &quot;Silence Lacustre&quot; - making Off - photovoyage.fr<\/title>\n<meta name=\"robots\" content=\"index, follow, max-snippet:-1, max-image-preview:large, max-video-preview:-1\" \/>\n<link rel=\"canonical\" href=\"http:\/\/www.photovoyage.fr\/blog\/projet-silence-lacustre\/\" \/>\n<meta property=\"og:locale\" content=\"fr_FR\" \/>\n<meta property=\"og:type\" content=\"article\" \/>\n<meta property=\"og:title\" content=\"Projet &quot;Silence Lacustre&quot; - making Off - photovoyage.fr\" \/>\n<meta property=\"og:description\" content=\"\u00ab\u00a0Silence Lacustre\u00a0\u00bb est un projet commenc\u00e9 en 2018. Le but de ce projet est de retranscrire le silence qui \u00e9mane du lac L\u00e9man, et plus particuli\u00e8rement de la partie sauvage entre Hermance et Messery.&nbsp; Une photographie c&rsquo;est le temps qui s\u2019arr\u00eate. Pourtant, les r\u00e9seaux sociaux et les nouvelles technologies nous abreuvent de photos en tout &hellip;\" \/>\n<meta property=\"og:url\" content=\"http:\/\/www.photovoyage.fr\/blog\/projet-silence-lacustre\/\" \/>\n<meta property=\"og:site_name\" content=\"photovoyage.fr\" \/>\n<meta property=\"article:modified_time\" content=\"2023-10-22T12:27:57+00:00\" \/>\n<meta property=\"og:image\" content=\"http:\/\/www.photovoyage.fr\/blog\/wp-content\/uploads\/2018\/06\/MG_6725-Copier.jpg\" \/>\n<meta name=\"twitter:label1\" content=\"Dur\u00e9e de lecture estim\u00e9e\" \/>\n\t<meta name=\"twitter:data1\" content=\"4 minutes\" \/>\n<script type=\"application\/ld+json\" class=\"yoast-schema-graph\">{\"@context\":\"https:\/\/schema.org\",\"@graph\":[{\"@type\":\"WebPage\",\"@id\":\"http:\/\/www.photovoyage.fr\/blog\/projet-silence-lacustre\/\",\"url\":\"http:\/\/www.photovoyage.fr\/blog\/projet-silence-lacustre\/\",\"name\":\"Projet \\\"Silence Lacustre\\\" - making Off - photovoyage.fr\",\"isPartOf\":{\"@id\":\"http:\/\/www.photovoyage.fr\/blog\/#website\"},\"primaryImageOfPage\":{\"@id\":\"http:\/\/www.photovoyage.fr\/blog\/projet-silence-lacustre\/#primaryimage\"},\"image\":{\"@id\":\"http:\/\/www.photovoyage.fr\/blog\/projet-silence-lacustre\/#primaryimage\"},\"thumbnailUrl\":\"http:\/\/www.photovoyage.fr\/blog\/wp-content\/uploads\/2018\/06\/MG_6725-Copier.jpg\",\"datePublished\":\"2018-06-01T22:09:47+00:00\",\"dateModified\":\"2023-10-22T12:27:57+00:00\",\"breadcrumb\":{\"@id\":\"http:\/\/www.photovoyage.fr\/blog\/projet-silence-lacustre\/#breadcrumb\"},\"inLanguage\":\"fr-FR\",\"potentialAction\":[{\"@type\":\"ReadAction\",\"target\":[\"http:\/\/www.photovoyage.fr\/blog\/projet-silence-lacustre\/\"]}]},{\"@type\":\"ImageObject\",\"inLanguage\":\"fr-FR\",\"@id\":\"http:\/\/www.photovoyage.fr\/blog\/projet-silence-lacustre\/#primaryimage\",\"url\":\"http:\/\/www.photovoyage.fr\/blog\/wp-content\/uploads\/2018\/06\/MG_6725-Copier.jpg\",\"contentUrl\":\"http:\/\/www.photovoyage.fr\/blog\/wp-content\/uploads\/2018\/06\/MG_6725-Copier.jpg\",\"width\":800,\"height\":533},{\"@type\":\"BreadcrumbList\",\"@id\":\"http:\/\/www.photovoyage.fr\/blog\/projet-silence-lacustre\/#breadcrumb\",\"itemListElement\":[{\"@type\":\"ListItem\",\"position\":1,\"name\":\"Accueil\",\"item\":\"http:\/\/www.photovoyage.fr\/blog\/\"},{\"@type\":\"ListItem\",\"position\":2,\"name\":\"Projet &#8220;Silence Lacustre&#8221; &#8211; making Off\"}]},{\"@type\":\"WebSite\",\"@id\":\"http:\/\/www.photovoyage.fr\/blog\/#website\",\"url\":\"http:\/\/www.photovoyage.fr\/blog\/\",\"name\":\"photovoyage.fr\",\"description\":\"La passion de la photo et du voyage. Retrouvez ici nos r\u00e9cits de voyages et nos photos.\",\"publisher\":{\"@id\":\"http:\/\/www.photovoyage.fr\/blog\/#\/schema\/person\/a6600656ccdd05f7a4132987c28fc4ac\"},\"potentialAction\":[{\"@type\":\"SearchAction\",\"target\":{\"@type\":\"EntryPoint\",\"urlTemplate\":\"http:\/\/www.photovoyage.fr\/blog\/?s={search_term_string}\"},\"query-input\":{\"@type\":\"PropertyValueSpecification\",\"valueRequired\":true,\"valueName\":\"search_term_string\"}}],\"inLanguage\":\"fr-FR\"},{\"@type\":[\"Person\",\"Organization\"],\"@id\":\"http:\/\/www.photovoyage.fr\/blog\/#\/schema\/person\/a6600656ccdd05f7a4132987c28fc4ac\",\"name\":\"photovoyage\",\"image\":{\"@type\":\"ImageObject\",\"inLanguage\":\"fr-FR\",\"@id\":\"http:\/\/www.photovoyage.fr\/blog\/#\/schema\/person\/image\/\",\"url\":\"http:\/\/www.photovoyage.fr\/blog\/wp-content\/uploads\/2018\/04\/cropped-cropped-logo3.jpg\",\"contentUrl\":\"http:\/\/www.photovoyage.fr\/blog\/wp-content\/uploads\/2018\/04\/cropped-cropped-logo3.jpg\",\"width\":873,\"height\":111,\"caption\":\"photovoyage\"},\"logo\":{\"@id\":\"http:\/\/www.photovoyage.fr\/blog\/#\/schema\/person\/image\/\"}}]}<\/script>\n<!-- \/ Yoast SEO plugin. -->","yoast_head_json":{"title":"Projet \"Silence Lacustre\" - making Off - photovoyage.fr","robots":{"index":"index","follow":"follow","max-snippet":"max-snippet:-1","max-image-preview":"max-image-preview:large","max-video-preview":"max-video-preview:-1"},"canonical":"http:\/\/www.photovoyage.fr\/blog\/projet-silence-lacustre\/","og_locale":"fr_FR","og_type":"article","og_title":"Projet \"Silence Lacustre\" - making Off - photovoyage.fr","og_description":"\u00ab\u00a0Silence Lacustre\u00a0\u00bb est un projet commenc\u00e9 en 2018. Le but de ce projet est de retranscrire le silence qui \u00e9mane du lac L\u00e9man, et plus particuli\u00e8rement de la partie sauvage entre Hermance et Messery.&nbsp; Une photographie c&rsquo;est le temps qui s\u2019arr\u00eate. Pourtant, les r\u00e9seaux sociaux et les nouvelles technologies nous abreuvent de photos en tout &hellip;","og_url":"http:\/\/www.photovoyage.fr\/blog\/projet-silence-lacustre\/","og_site_name":"photovoyage.fr","article_modified_time":"2023-10-22T12:27:57+00:00","og_image":[{"url":"http:\/\/www.photovoyage.fr\/blog\/wp-content\/uploads\/2018\/06\/MG_6725-Copier.jpg","type":"","width":"","height":""}],"twitter_misc":{"Dur\u00e9e de lecture estim\u00e9e":"4 minutes"},"schema":{"@context":"https:\/\/schema.org","@graph":[{"@type":"WebPage","@id":"http:\/\/www.photovoyage.fr\/blog\/projet-silence-lacustre\/","url":"http:\/\/www.photovoyage.fr\/blog\/projet-silence-lacustre\/","name":"Projet \"Silence Lacustre\" - making Off - photovoyage.fr","isPartOf":{"@id":"http:\/\/www.photovoyage.fr\/blog\/#website"},"primaryImageOfPage":{"@id":"http:\/\/www.photovoyage.fr\/blog\/projet-silence-lacustre\/#primaryimage"},"image":{"@id":"http:\/\/www.photovoyage.fr\/blog\/projet-silence-lacustre\/#primaryimage"},"thumbnailUrl":"http:\/\/www.photovoyage.fr\/blog\/wp-content\/uploads\/2018\/06\/MG_6725-Copier.jpg","datePublished":"2018-06-01T22:09:47+00:00","dateModified":"2023-10-22T12:27:57+00:00","breadcrumb":{"@id":"http:\/\/www.photovoyage.fr\/blog\/projet-silence-lacustre\/#breadcrumb"},"inLanguage":"fr-FR","potentialAction":[{"@type":"ReadAction","target":["http:\/\/www.photovoyage.fr\/blog\/projet-silence-lacustre\/"]}]},{"@type":"ImageObject","inLanguage":"fr-FR","@id":"http:\/\/www.photovoyage.fr\/blog\/projet-silence-lacustre\/#primaryimage","url":"http:\/\/www.photovoyage.fr\/blog\/wp-content\/uploads\/2018\/06\/MG_6725-Copier.jpg","contentUrl":"http:\/\/www.photovoyage.fr\/blog\/wp-content\/uploads\/2018\/06\/MG_6725-Copier.jpg","width":800,"height":533},{"@type":"BreadcrumbList","@id":"http:\/\/www.photovoyage.fr\/blog\/projet-silence-lacustre\/#breadcrumb","itemListElement":[{"@type":"ListItem","position":1,"name":"Accueil","item":"http:\/\/www.photovoyage.fr\/blog\/"},{"@type":"ListItem","position":2,"name":"Projet &#8220;Silence Lacustre&#8221; &#8211; making Off"}]},{"@type":"WebSite","@id":"http:\/\/www.photovoyage.fr\/blog\/#website","url":"http:\/\/www.photovoyage.fr\/blog\/","name":"photovoyage.fr","description":"La passion de la photo et du voyage. Retrouvez ici nos r\u00e9cits de voyages et nos photos.","publisher":{"@id":"http:\/\/www.photovoyage.fr\/blog\/#\/schema\/person\/a6600656ccdd05f7a4132987c28fc4ac"},"potentialAction":[{"@type":"SearchAction","target":{"@type":"EntryPoint","urlTemplate":"http:\/\/www.photovoyage.fr\/blog\/?s={search_term_string}"},"query-input":{"@type":"PropertyValueSpecification","valueRequired":true,"valueName":"search_term_string"}}],"inLanguage":"fr-FR"},{"@type":["Person","Organization"],"@id":"http:\/\/www.photovoyage.fr\/blog\/#\/schema\/person\/a6600656ccdd05f7a4132987c28fc4ac","name":"photovoyage","image":{"@type":"ImageObject","inLanguage":"fr-FR","@id":"http:\/\/www.photovoyage.fr\/blog\/#\/schema\/person\/image\/","url":"http:\/\/www.photovoyage.fr\/blog\/wp-content\/uploads\/2018\/04\/cropped-cropped-logo3.jpg","contentUrl":"http:\/\/www.photovoyage.fr\/blog\/wp-content\/uploads\/2018\/04\/cropped-cropped-logo3.jpg","width":873,"height":111,"caption":"photovoyage"},"logo":{"@id":"http:\/\/www.photovoyage.fr\/blog\/#\/schema\/person\/image\/"}}]}},"_links":{"self":[{"href":"http:\/\/www.photovoyage.fr\/blog\/wp-json\/wp\/v2\/pages\/3543","targetHints":{"allow":["GET"]}}],"collection":[{"href":"http:\/\/www.photovoyage.fr\/blog\/wp-json\/wp\/v2\/pages"}],"about":[{"href":"http:\/\/www.photovoyage.fr\/blog\/wp-json\/wp\/v2\/types\/page"}],"author":[{"embeddable":true,"href":"http:\/\/www.photovoyage.fr\/blog\/wp-json\/wp\/v2\/users\/1"}],"replies":[{"embeddable":true,"href":"http:\/\/www.photovoyage.fr\/blog\/wp-json\/wp\/v2\/comments?post=3543"}],"version-history":[{"count":9,"href":"http:\/\/www.photovoyage.fr\/blog\/wp-json\/wp\/v2\/pages\/3543\/revisions"}],"predecessor-version":[{"id":4767,"href":"http:\/\/www.photovoyage.fr\/blog\/wp-json\/wp\/v2\/pages\/3543\/revisions\/4767"}],"wp:attachment":[{"href":"http:\/\/www.photovoyage.fr\/blog\/wp-json\/wp\/v2\/media?parent=3543"}],"curies":[{"name":"wp","href":"https:\/\/api.w.org\/{rel}","templated":true}]}}